{"id":2437,"date":"2020-06-24T20:51:15","date_gmt":"2020-06-24T18:51:15","guid":{"rendered":"https:\/\/www.ideology.sk\/?page_id=2437"},"modified":"2025-07-10T13:38:53","modified_gmt":"2025-07-10T11:38:53","slug":"audio","status":"publish","type":"page","link":"https:\/\/www.ideology.sk\/en\/audio\/","title":{"rendered":""},"content":{"rendered":"<figure class=\"wp-block-image size-full eplus-wrapper\"><img loading=\"lazy\" decoding=\"async\" width=\"1600\" height=\"600\" src=\"https:\/\/www.ideology.sk\/wp-content\/uploads\/2022\/06\/noise-meaning-noise.jpg\" alt=\"\" class=\"wp-image-3636\" srcset=\"https:\/\/www.ideology.sk\/wp-content\/uploads\/2022\/06\/noise-meaning-noise.jpg 1600w, https:\/\/www.ideology.sk\/wp-content\/uploads\/2022\/06\/noise-meaning-noise-300x113.jpg 300w, https:\/\/www.ideology.sk\/wp-content\/uploads\/2022\/06\/noise-meaning-noise-1024x384.jpg 1024w, https:\/\/www.ideology.sk\/wp-content\/uploads\/2022\/06\/noise-meaning-noise-768x288.jpg 768w, https:\/\/www.ideology.sk\/wp-content\/uploads\/2022\/06\/noise-meaning-noise-1536x576.jpg 1536w\" sizes=\"auto, (max-width: 1600px) 100vw, 1600px\" \/><\/figure>\n\n\n\n<div style=\"height:100px\" aria-hidden=\"true\" class=\"wp-block-spacer eplus-wrapper\"><\/div>\n\n\n\n<p class=\"has-regular-font-size eplus-wrapper\"><mark>We offer recording and processing of podcasts, videos, interviews, short stories<\/mark>. <\/p>\n\n\n\n<div style=\"height:30px\" aria-hidden=\"true\" class=\"wp-block-spacer eplus-wrapper\"><\/div>\n\n\n\n<p class=\"has-regular-font-size eplus-wrapper\">2023 elections - an initiative of a non-profit organization <strong>Zrejm\u00e9<\/strong>, opening <strong>topic of home<\/strong> and what home means to us. Spot from our workshop. <\/p>\n\n\n\n<figure class=\"wp-embed-aspect-16-9 wp-has-aspect-ratio wp-block-embed is-type-video is-provider-youtube wp-block-embed-youtube eplus-wrapper\"><div class=\"wp-block-embed__wrapper\">\n<iframe loading=\"lazy\" title=\"\u010co je pre v\u00e1s domov?\" width=\"720\" height=\"405\" src=\"https:\/\/www.youtube.com\/embed\/m3Vreno1sz8?feature=oembed\" frameborder=\"0\" allow=\"accelerometer; autoplay; clipboard-write; encrypted-media; gyroscope; picture-in-picture; web-share\" referrerpolicy=\"strict-origin-when-cross-origin\" allowfullscreen><\/iframe>\n<\/div><\/figure>\n\n\n\n<div style=\"height:50px\" aria-hidden=\"true\" class=\"wp-block-spacer eplus-wrapper\"><\/div>\n\n\n\n<p class=\"has-regular-font-size eplus-wrapper\">The latest podcast series in which we participate as partners - conversations about life, family, friendship <strong>Krist\u00edny &amp; Anety<\/strong>The latest podcast series in which we participate as partners - conversations about life, family, friendship <strong><a href=\"https:\/\/www.primerie.sk\/\" target=\"_blank\" rel=\"noopener\" title=\"\">Pr\u00edmerie &#8211; terapeutick\u00fd priestor<\/a><\/strong>. <\/p>\n\n\n\n<figure class=\"wp-embed-aspect-21-9 wp-has-aspect-ratio wp-block-embed is-type-rich is-provider-spotify wp-block-embed-spotify eplus-wrapper\"><div class=\"wp-block-embed__wrapper\">\n<iframe title=\"Spotify Embed: Tu sme: Aneta a Krist\u00edna\" style=\"border-radius: 12px\" width=\"100%\" height=\"152\" frameborder=\"0\" allowfullscreen allow=\"autoplay; clipboard-write; encrypted-media; fullscreen; picture-in-picture\" loading=\"lazy\" src=\"https:\/\/open.spotify.com\/embed\/episode\/7ttA1j75umOxrb6xn4Lmd8?si=9a7bd31df87c485d&#038;utm_source=oembed\"><\/iframe>\n<\/div><\/figure>\n\n\n\n<div style=\"height:50px\" aria-hidden=\"true\" class=\"wp-block-spacer eplus-wrapper\"><\/div>\n\n\n\n<p class=\"has-regular-font-size eplus-wrapper\">In a 12-part podcast series <strong>Kids without manual<\/strong> we offer education and awareness on the subject of autism. The interview is conducted by Krist\u00edna as moderator and Viera Hincov\u00e1 likes to offer wisdom. <\/p>\n\n\n\n<figure class=\"wp-embed-aspect-21-9 wp-has-aspect-ratio wp-block-embed is-type-rich is-provider-spotify wp-block-embed-spotify eplus-wrapper\"><div class=\"wp-block-embed__wrapper\">\n<iframe title=\"Spotify Embed: Deti bez n\u00e1vodu 7 Kampane a komunik\u00e1cia autizmu\" style=\"border-radius: 12px\" width=\"100%\" height=\"152\" frameborder=\"0\" allowfullscreen allow=\"autoplay; clipboard-write; encrypted-media; fullscreen; picture-in-picture\" loading=\"lazy\" src=\"https:\/\/open.spotify.com\/embed\/episode\/1bWtKZJEP2uUJ49GB8SyBr?si=a2c895db8d1b4c8a&#038;utm_source=oembed\"><\/iframe>\n<\/div><\/figure>\n\n\n\n<div style=\"height:50px\" aria-hidden=\"true\" class=\"wp-block-spacer eplus-wrapper\"><\/div>\n\n\n\n<p class=\"has-regular-font-size eplus-wrapper\">In a seven-part podcast series <strong>A strategist to himself<\/strong> we offer a new perspective on brand creation, not only through the ratio and product, but also the meaning it carries for people.  <\/p>\n\n\n\n<figure class=\"wp-embed-aspect-21-9 wp-has-aspect-ratio wp-block-embed is-type-rich is-provider-spotify wp-block-embed-spotify eplus-wrapper\"><div class=\"wp-block-embed__wrapper\">\n<iframe title=\"Spotify Embed: S\u00e1m sebe strat\u00e9gom #1: S \u010d\u00edm sa treba zmieri\u0165\" style=\"border-radius: 12px\" width=\"100%\" height=\"152\" frameborder=\"0\" allowfullscreen allow=\"autoplay; clipboard-write; encrypted-media; fullscreen; picture-in-picture\" loading=\"lazy\" src=\"https:\/\/open.spotify.com\/embed\/episode\/4bC5RcaEUKa6o4ncE03iz1?si=abbc54eadcdc4471&#038;utm_source=oembed\"><\/iframe>\n<\/div><\/figure>\n\n\n\n<div style=\"height:50px\" aria-hidden=\"true\" class=\"wp-block-spacer eplus-wrapper\"><\/div>\n\n\n\n<p class=\"has-regular-font-size eplus-wrapper\">On our channel you can find, for example, an episode about <strong>community development in our street<\/strong>, or talks about working from home and homeschooling.   <\/p>\n\n\n\n<figure class=\"wp-embed-aspect-21-9 wp-has-aspect-ratio wp-block-embed is-type-rich is-provider-spotify wp-block-embed-spotify eplus-wrapper\"><div class=\"wp-block-embed__wrapper\">\n<iframe title=\"Spotify Embed: Wins a fuckups v na\u0161ej susedskej komunite a jej brandingu\" style=\"border-radius: 12px\" width=\"100%\" height=\"152\" frameborder=\"0\" allowfullscreen allow=\"autoplay; clipboard-write; encrypted-media; fullscreen; picture-in-picture\" loading=\"lazy\" src=\"https:\/\/open.spotify.com\/embed\/episode\/5xKsIOruIPM8vdGgwSpFMb?si=e473997ea0254991&#038;utm_source=oembed\"><\/iframe>\n<\/div><\/figure>\n\n\n\n<div style=\"height:50px\" aria-hidden=\"true\" class=\"wp-block-spacer eplus-wrapper\"><\/div>\n\n\n\n<p class=\"has-regular-font-size eplus-wrapper\">A series of interviews on the creation of meaning, not only in advertising and marketing, <strong>for those who like to think<\/strong>. People live by highlighting their own world, and that's why we start there - in people's lives.    <\/p>\n\n\n\n<p class=\"has-regular-font-size eplus-wrapper\">About professionals and amateurs, about the sources of invention and creativity and about the meaning of 'authenticity':<\/p>\n\n\n\n<figure class=\"wp-embed-aspect-16-9 wp-has-aspect-ratio wp-block-embed is-type-video is-provider-youtube wp-block-embed-youtube eplus-wrapper\"><div class=\"wp-block-embed__wrapper\">\n<iframe loading=\"lazy\" title=\"Krist\u00edna a Popa\u0159: Amat\u00e9ri a profesion\u00e1li\" width=\"720\" height=\"405\" src=\"https:\/\/www.youtube.com\/embed\/JoB2D73QeMY?feature=oembed\" frameborder=\"0\" allow=\"accelerometer; autoplay; clipboard-write; encrypted-media; gyroscope; picture-in-picture; web-share\" referrerpolicy=\"strict-origin-when-cross-origin\" allowfullscreen><\/iframe>\n<\/div><\/figure>\n\n\n\n<div style=\"height:50px\" aria-hidden=\"true\" class=\"wp-block-spacer eplus-wrapper\"><\/div>\n\n\n\n<p class=\"has-regular-font-size eplus-wrapper\">About social-scientific and marketing research, about data and limits of interpretation, about imagination and the myth of 'objectivity', and about the meaning we can create:<\/p>\n\n\n\n<figure class=\"wp-embed-aspect-16-9 wp-has-aspect-ratio wp-block-embed is-type-video is-provider-youtube wp-block-embed-youtube eplus-wrapper\"><div class=\"wp-block-embed__wrapper\">\n<iframe loading=\"lazy\" title=\"Krist\u00edna a Popa\u0159: V\u00fdskum (\u010d\u00edsla a ich limity vs. predstavivos\u0165, interpret\u00e1cia a komunita)\" width=\"720\" height=\"405\" src=\"https:\/\/www.youtube.com\/embed\/0xObRMAYb2A?feature=oembed\" frameborder=\"0\" allow=\"accelerometer; autoplay; clipboard-write; encrypted-media; gyroscope; picture-in-picture; web-share\" referrerpolicy=\"strict-origin-when-cross-origin\" allowfullscreen><\/iframe>\n<\/div><\/figure>\n\n\n\n<div style=\"height:50px\" aria-hidden=\"true\" class=\"wp-block-spacer eplus-wrapper\"><\/div>\n\n\n\n<p class=\"has-regular-font-size eplus-wrapper\">About progress (and the reason why it doesn't make us so happy): <\/p>\n\n\n\n<figure class=\"wp-embed-aspect-16-9 wp-has-aspect-ratio wp-block-embed is-type-video is-provider-youtube wp-block-embed-youtube eplus-wrapper\"><div class=\"wp-block-embed__wrapper\">\n<iframe loading=\"lazy\" title=\"Krist\u00edna a Popa\u0159: Pokrok (a pre\u010do n\u00e1s a\u017e tak nenap\u013a\u0148a \u0161\u0165ast\u00edm)\" width=\"720\" height=\"405\" src=\"https:\/\/www.youtube.com\/embed\/TOHF-OgPlC4?feature=oembed\" frameborder=\"0\" allow=\"accelerometer; autoplay; clipboard-write; encrypted-media; gyroscope; picture-in-picture; web-share\" referrerpolicy=\"strict-origin-when-cross-origin\" allowfullscreen><\/iframe>\n<\/div><\/figure>\n\n\n\n<div style=\"height:50px\" aria-hidden=\"true\" class=\"wp-block-spacer eplus-wrapper\"><\/div>\n\n\n\n<p class=\"has-regular-font-size eplus-wrapper\">About the meaning of fact, truth, story and faith: <\/p>\n\n\n\n<figure class=\"wp-embed-aspect-16-9 wp-has-aspect-ratio wp-block-embed is-type-video is-provider-youtube wp-block-embed-youtube eplus-wrapper\"><div class=\"wp-block-embed__wrapper\">\n<iframe loading=\"lazy\" title=\"Krist\u00edna a Popa\u0159: By\u0165 s\u00fa\u010das\u0165ou pr\u00edbehu\" width=\"720\" height=\"405\" src=\"https:\/\/www.youtube.com\/embed\/3KD6ROmKTv0?start=202&#038;feature=oembed\" frameborder=\"0\" allow=\"accelerometer; autoplay; clipboard-write; encrypted-media; gyroscope; picture-in-picture; web-share\" referrerpolicy=\"strict-origin-when-cross-origin\" allowfullscreen><\/iframe>\n<\/div><\/figure>\n\n\n\n<div style=\"height:50px\" aria-hidden=\"true\" class=\"wp-block-spacer eplus-wrapper\"><\/div>\n\n\n\n<p class=\"has-regular-font-size eplus-wrapper\">About a conflict and the courage to go against so called target group:<\/p>\n\n\n\n<figure class=\"wp-embed-aspect-16-9 wp-has-aspect-ratio wp-block-embed is-type-video is-provider-youtube wp-block-embed-youtube eplus-wrapper\"><div class=\"wp-block-embed__wrapper\">\n<iframe loading=\"lazy\" title=\"Krist\u00edna a Popa\u0159: Konflikt\" width=\"720\" height=\"405\" src=\"https:\/\/www.youtube.com\/embed\/ElROgPRYBfw?start=42&#038;feature=oembed\" frameborder=\"0\" allow=\"accelerometer; autoplay; clipboard-write; encrypted-media; gyroscope; picture-in-picture; web-share\" referrerpolicy=\"strict-origin-when-cross-origin\" allowfullscreen><\/iframe>\n<\/div><\/figure>\n\n\n\n<div style=\"height:100px\" aria-hidden=\"true\" class=\"wp-block-spacer eplus-wrapper\"><\/div>","protected":false},"excerpt":{"rendered":"<p>Pon\u00fakame nahr\u00e1vanie a spracovanie podcastov, vide\u00ed, rozhovorov, kr\u00e1tkych pr\u00edbehov. 2023 vo\u013eby &#8211; iniciat\u00edva neziskovej organiz\u00e1cie Zrejm\u00e9, otv\u00e1raj\u00faca t\u00e9mu domova a toho, \u010do pre n\u00e1s domov znamen\u00e1. Spot z na\u0161ej dielne. Najnov\u0161ia s\u00e9ria podcastov, na ktorej sa podie\u013eame ako partneri &#8211; rozhovory o \u017eivote, rodine, priate\u013estve&hellip; <a class=\"read-more\" href=\"https:\/\/www.ideology.sk\/en\/audio\/\">Read more<\/a><\/p>","protected":false},"author":2,"featured_media":0,"parent":0,"menu_order":0,"comment_status":"closed","ping_status":"closed","template":"page-templates\/full-width.php","meta":{"om_disable_all_campaigns":false,"editor_plus_copied_stylings":"{}","_monsterinsights_skip_tracking":false,"_monsterinsights_sitenote_active":false,"_monsterinsights_sitenote_note":"","_monsterinsights_sitenote_category":0,"footnotes":""},"class_list":["post-2437","page","type-page","status-publish","hentry"],"aioseo_notices":[],"jetpack_sharing_enabled":true,"_links":{"self":[{"href":"https:\/\/www.ideology.sk\/en\/wp-json\/wp\/v2\/pages\/2437","targetHints":{"allow":["GET"]}}],"collection":[{"href":"https:\/\/www.ideology.sk\/en\/wp-json\/wp\/v2\/pages"}],"about":[{"href":"https:\/\/www.ideology.sk\/en\/wp-json\/wp\/v2\/types\/page"}],"author":[{"embeddable":true,"href":"https:\/\/www.ideology.sk\/en\/wp-json\/wp\/v2\/users\/2"}],"replies":[{"embeddable":true,"href":"https:\/\/www.ideology.sk\/en\/wp-json\/wp\/v2\/comments?post=2437"}],"version-history":[{"count":23,"href":"https:\/\/www.ideology.sk\/en\/wp-json\/wp\/v2\/pages\/2437\/revisions"}],"predecessor-version":[{"id":5301,"href":"https:\/\/www.ideology.sk\/en\/wp-json\/wp\/v2\/pages\/2437\/revisions\/5301"}],"wp:attachment":[{"href":"https:\/\/www.ideology.sk\/en\/wp-json\/wp\/v2\/media?parent=2437"}],"curies":[{"name":"wp","href":"https:\/\/api.w.org\/{rel}","templated":true}]}}